{"id":3639,"date":"2023-12-02T16:04:40","date_gmt":"2023-12-02T15:04:40","guid":{"rendered":"https:\/\/musee-lalique.adipso.fr\/sitemap-de\/"},"modified":"2023-12-22T10:17:02","modified_gmt":"2023-12-22T09:17:02","slug":"sitemap","status":"publish","type":"page","link":"https:\/\/www.musee-lalique.com\/de\/sitemap\/","title":{"rendered":"Sitemap"},"content":{"rendered":"<p><strong><\/p>\n<div class=\"wsp-container\">\n<h2 class=\"wsp-pages-title\">Pages<\/h2>\n<ul class=\"wsp-pages-list\">\n<li class=\"page_item page-item-3780\"><a href=\"https:\/\/www.musee-lalique.com\/de\/2012-suzanne-lalique-haviland-das-dekor-neu-erfunden\/\">2012: Suzanne Lalique-Haviland, das Dekor, neu erfunden<\/a><\/li>\n<li class=\"page_item page-item-3792\"><a href=\"https:\/\/www.musee-lalique.com\/de\/2013-glas-und-die-meister-der-modernen-kunst\/\">2013: Glas und die Meister der modernen Kunst<\/a><\/li>\n<li class=\"page_item page-item-3717\"><a href=\"https:\/\/www.musee-lalique.com\/de\/2014-laliques-wasserwelt\/\">2014: Laliques Wasserwelt<\/a><\/li>\n<li class=\"page_item page-item-3708\"><a href=\"https:\/\/www.musee-lalique.com\/de\/2015-das-glas-im-alltag\/\">2015: Das Glas im Alltag<\/a><\/li>\n<li class=\"page_item page-item-3660\"><a href=\"https:\/\/www.musee-lalique.com\/de\/das-syndicat-mixte-du-musee-lalique\/\">Das Syndicat mixte du Mus\u00e9e Lalique<\/a><\/li>\n<li class=\"page_item page-item-3324 page_item_has_children\"><a href=\"https:\/\/www.musee-lalique.com\/de\/fachbesucher-und-gruppen\/\">Fachbesucher und Gruppen<\/a>\n<ul class='children'>\n<li class=\"page_item page-item-3558\"><a href=\"https:\/\/www.musee-lalique.com\/de\/fachbesucher-und-gruppen\/ein-event-organisieren\/\">Ein Event organisieren<\/a><\/li>\n<li class=\"page_item page-item-3579\"><a href=\"https:\/\/www.musee-lalique.com\/de\/fachbesucher-und-gruppen\/kreativ-gestalten\/\">Kreativ gestalten<\/a><\/li>\n<li class=\"page_item page-item-3546\"><a href=\"https:\/\/www.musee-lalique.com\/de\/fachbesucher-und-gruppen\/mit-oder-ohne-fuhrung\/\">Mit oder ohne F\u00fchrung<\/a><\/li>\n<\/ul>\n<\/li>\n<li class=\"page_item page-item-3672\"><a href=\"https:\/\/www.musee-lalique.com\/de\/freundeskreis-des-lalique-museums\/\">Freundeskreis des Lalique-Museums<\/a><\/li>\n<li class=\"page_item page-item-3630\"><a href=\"https:\/\/www.musee-lalique.com\/de\/impressum\/\">Impressum<\/a><\/li>\n<li class=\"page_item page-item-3138 page_item_has_children\"><a href=\"https:\/\/www.musee-lalique.com\/de\/infos\/\">Infos<\/a>\n<ul class='children'>\n<li class=\"page_item page-item-3402\"><a href=\"https:\/\/www.musee-lalique.com\/de\/infos\/anfahrt\/\">Anfahrt<\/a><\/li>\n<li class=\"page_item page-item-3450\"><a href=\"https:\/\/www.musee-lalique.com\/de\/infos\/dokumentationszentrum\/\">Dokumentationszentrum<\/a><\/li>\n<li class=\"page_item page-item-3393\"><a href=\"https:\/\/www.musee-lalique.com\/de\/infos\/eintrittspreise\/\">Eintrittspreise<\/a><\/li>\n<li class=\"page_item page-item-3384\"><a href=\"https:\/\/www.musee-lalique.com\/de\/infos\/offnungszeiten\/\">\u00d6ffnungszeiten<\/a><\/li>\n<li class=\"page_item page-item-3432\"><a href=\"https:\/\/www.musee-lalique.com\/de\/infos\/restaurant\/\">Restaurant<\/a><\/li>\n<li class=\"page_item page-item-3420\"><a href=\"https:\/\/www.musee-lalique.com\/de\/infos\/shop-des-museums\/\">Shop des Museums<\/a><\/li>\n<li class=\"page_item page-item-13606\"><a href=\"https:\/\/www.musee-lalique.com\/de\/infos\/elektroautos\/\">Elektroautos<\/a><\/li>\n<\/ul>\n<\/li>\n<li class=\"page_item page-item-13078\"><a href=\"https:\/\/www.musee-lalique.com\/de\/kontakt\/\">Kontakt<\/a><\/li>\n<li class=\"page_item page-item-3684\"><a href=\"https:\/\/www.musee-lalique.com\/de\/mazenatentum\/\">M\u00e4zenatentum<\/a><\/li>\n<li class=\"page_item page-item-3114 page_item_has_children\"><a href=\"https:\/\/www.musee-lalique.com\/de\/museumsbesuch\/\">Museumsbesuch<\/a>\n<ul class='children'>\n<li class=\"page_item page-item-3315\"><a href=\"https:\/\/www.musee-lalique.com\/de\/museumsbesuch\/mit-der-familie\/\">Mit der Familie<\/a><\/li>\n<li class=\"page_item page-item-3306 page_item_has_children\"><a href=\"https:\/\/www.musee-lalique.com\/de\/museumsbesuch\/zu-ihrem-komfort\/\">Zu Ihrem Komfort<\/a>\n<ul class='children'>\n<li class=\"page_item page-item-13067\"><a href=\"https:\/\/www.musee-lalique.com\/de\/museumsbesuch\/zu-ihrem-komfort\/zuganglichkeit-und-barrierefreiheit\/\">Zug\u00e4nglichkeit und Barrierefreiheit<\/a><\/li>\n<\/ul>\n<\/li>\n<\/ul>\n<\/li>\n<li class=\"page_item page-item-3691\"><a href=\"https:\/\/www.musee-lalique.com\/de\/presse-2\/\">Presse<\/a><\/li>\n<li class=\"page_item page-item-3103 page_item_has_children\"><a href=\"https:\/\/www.musee-lalique.com\/de\/rund-ums-museum\/\">Rund ums Museum<\/a>\n<ul class='children'>\n<li class=\"page_item page-item-3180 page_item_has_children\"><a href=\"https:\/\/www.musee-lalique.com\/de\/rund-ums-museum\/der-standort\/\">Der Standort<\/a>\n<ul class='children'>\n<li class=\"page_item page-item-3273\"><a href=\"https:\/\/www.musee-lalique.com\/de\/rund-ums-museum\/der-standort\/architektur\/\">Architektur<\/a><\/li>\n<li class=\"page_item page-item-3285\"><a href=\"https:\/\/www.musee-lalique.com\/de\/rund-ums-museum\/der-standort\/der-glashuttenstandort-hochberg\/\">Der Glash\u00fcttenstandort Hochberg<\/a><\/li>\n<li class=\"page_item page-item-3297\"><a href=\"https:\/\/www.musee-lalique.com\/de\/rund-ums-museum\/der-standort\/die-garten-des-lalique-museums\/\">Die G\u00e4rten des Lalique-Museums<\/a><\/li>\n<\/ul>\n<\/li>\n<li class=\"page_item page-item-3156 page_item_has_children\"><a href=\"https:\/\/www.musee-lalique.com\/de\/rund-ums-museum\/die-sammlungen\/\">Die Sammlungen<\/a>\n<ul class='children'>\n<li class=\"page_item page-item-3240\"><a href=\"https:\/\/www.musee-lalique.com\/de\/rund-ums-museum\/die-sammlungen\/das-glas\/\">Das Glas<\/a><\/li>\n<li class=\"page_item page-item-3258\"><a href=\"https:\/\/www.musee-lalique.com\/de\/rund-ums-museum\/die-sammlungen\/das-kristallglas\/\">Das Kristallglas<\/a><\/li>\n<li class=\"page_item page-item-3192\"><a href=\"https:\/\/www.musee-lalique.com\/de\/rund-ums-museum\/die-sammlungen\/der-schmuck\/\">Der Schmuck<\/a><\/li>\n<li class=\"page_item page-item-3225\"><a href=\"https:\/\/www.musee-lalique.com\/de\/rund-ums-museum\/die-sammlungen\/die-parfumflakons\/\">Die Parf\u00fcmflakons<\/a><\/li>\n<li class=\"page_item page-item-3207\"><a href=\"https:\/\/www.musee-lalique.com\/de\/rund-ums-museum\/die-sammlungen\/die-zeichnungen\/\">Die Zeichnungen<\/a><\/li>\n<\/ul>\n<\/li>\n<li class=\"page_item page-item-3168 page_item_has_children\"><a href=\"https:\/\/www.musee-lalique.com\/de\/rund-ums-museum\/lalique-mehr-als-eine-marke\/\">Lalique &#8211; mehr als eine Marke<\/a>\n<ul class='children'>\n<li class=\"page_item page-item-3534\"><a href=\"https:\/\/www.musee-lalique.com\/de\/rund-ums-museum\/lalique-mehr-als-eine-marke\/die-heutige-firma-lalique\/\">Die heutige Firma Lalique<\/a><\/li>\n<li class=\"page_item page-item-3501\"><a href=\"https:\/\/www.musee-lalique.com\/de\/rund-ums-museum\/lalique-mehr-als-eine-marke\/marc-lalique\/\">Marc Lalique<\/a><\/li>\n<li class=\"page_item page-item-3519\"><a href=\"https:\/\/www.musee-lalique.com\/de\/rund-ums-museum\/lalique-mehr-als-eine-marke\/marie-claude-lalique\/\">Marie-Claude Lalique<\/a><\/li>\n<li class=\"page_item page-item-3471\"><a href=\"https:\/\/www.musee-lalique.com\/de\/rund-ums-museum\/lalique-mehr-als-eine-marke\/rene-lalique\/\">Ren\u00e9 Lalique<\/a><\/li>\n<li class=\"page_item page-item-3486\"><a href=\"https:\/\/www.musee-lalique.com\/de\/rund-ums-museum\/lalique-mehr-als-eine-marke\/suzanne-lalique-haviland\/\">Suzanne Lalique-Haviland<\/a><\/li>\n<\/ul>\n<\/li>\n<li class=\"page_item page-item-3147 page_item_has_children\"><a href=\"https:\/\/www.musee-lalique.com\/de\/rund-ums-museum\/wechselausstellungen\/\">Wechselausstellungen<\/a>\n<ul class='children'>\n<li class=\"page_item page-item-3794\"><a href=\"https:\/\/www.musee-lalique.com\/de\/rund-ums-museum\/wechselausstellungen\/100-jahre-lalique-im-elsass\/\">100 Jahre Lalique im Elsass<\/a><\/li>\n<li class=\"page_item page-item-14323 page_item_has_children\"><a href=\"https:\/\/www.musee-lalique.com\/de\/rund-ums-museum\/wechselausstellungen\/2025-rene-lalique-architecte-et-decorateur\/\">2025 : Ren\u00e9 Lalique, Architekt und Dekorateur<\/a>\n<ul class='children'>\n<li class=\"page_item page-item-14333 page_item_has_children\"><a href=\"https:\/\/www.musee-lalique.com\/de\/rund-ums-museum\/wechselausstellungen\/2025-rene-lalique-architecte-et-decorateur\/2025-contenus-additionnels\/\">2025 : zus\u00e4tzlichen Inhalten<\/a>\n<ul class='children'>\n<li class=\"page_item page-item-14501\"><a href=\"https:\/\/www.musee-lalique.com\/de\/rund-ums-museum\/wechselausstellungen\/2025-rene-lalique-architecte-et-decorateur\/2025-contenus-additionnels\/chapelle-de-la-vierge-fidele-douvres-la-delivrande\/\">Chapelle de la Vierge Fid\u00e8le &#8211; Douvres-la-D\u00e9livrande<\/a><\/li>\n<li class=\"page_item page-item-14396\"><a href=\"https:\/\/www.musee-lalique.com\/de\/rund-ums-museum\/wechselausstellungen\/2025-rene-lalique-architecte-et-decorateur\/2025-contenus-additionnels\/fontaine-poissons\/\">Der Brunnen Poissons (Fische)<\/a><\/li>\n<li class=\"page_item page-item-14352\"><a href=\"https:\/\/www.musee-lalique.com\/de\/rund-ums-museum\/wechselausstellungen\/2025-rene-lalique-architecte-et-decorateur\/2025-contenus-additionnels\/flacon-scarabee-pour-l-t-piver\/\">Flakon Scarab\u00e9e (Skarab\u00e4us) f\u00fcr L.T. Piver<\/a><\/li>\n<li class=\"page_item page-item-14339\"><a href=\"https:\/\/www.musee-lalique.com\/de\/rund-ums-museum\/wechselausstellungen\/2025-rene-lalique-architecte-et-decorateur\/2025-contenus-additionnels\/flacons-leffleurt-pour-coty\/\">Flakons L\u2019Effleurt f\u00fcr Coty<\/a><\/li>\n<li class=\"page_item page-item-14388\"><a href=\"https:\/\/www.musee-lalique.com\/de\/rund-ums-museum\/wechselausstellungen\/2025-rene-lalique-architecte-et-decorateur\/2025-contenus-additionnels\/flacons-sans-adieu-et-je-reviens-pour-worth\/\">Flakons Sans adieu und Je reviens f\u00fcr Worth<\/a><\/li>\n<li class=\"page_item page-item-14456\"><a href=\"https:\/\/www.musee-lalique.com\/de\/rund-ums-museum\/wechselausstellungen\/2025-rene-lalique-architecte-et-decorateur\/2025-contenus-additionnels\/14208-2\/\">Gl\u00e4ser Normandie<\/a><\/li>\n<li class=\"page_item page-item-14492\"><a href=\"https:\/\/www.musee-lalique.com\/de\/rund-ums-museum\/wechselausstellungen\/2025-rene-lalique-architecte-et-decorateur\/2025-contenus-additionnels\/panneau-lys\/\">Glastafel Lys (Lilien)<\/a><\/li>\n<li class=\"page_item page-item-14464\"><a href=\"https:\/\/www.musee-lalique.com\/de\/rund-ums-museum\/wechselausstellungen\/2025-rene-lalique-architecte-et-decorateur\/2025-contenus-additionnels\/plateau-a-fromage-aster\/\">K\u00e4seplatte Aster<\/a><\/li>\n<li class=\"page_item page-item-14379\"><a href=\"https:\/\/www.musee-lalique.com\/de\/rund-ums-museum\/wechselausstellungen\/2025-rene-lalique-architecte-et-decorateur\/2025-contenus-additionnels\/le-parfum-des-anges-pour-oviatt\/\">Le parfum des anges (Der Duft der Engel) f\u00fcr Oviatt<\/a><\/li>\n<li class=\"page_item page-item-14447\"><a href=\"https:\/\/www.musee-lalique.com\/de\/rund-ums-museum\/wechselausstellungen\/2025-rene-lalique-architecte-et-decorateur\/2025-contenus-additionnels\/candelabres-trois-branches-de-raisins\/\">Leuchter Trois branches de raisins (Drei Weinrebenzweige)<\/a><\/li>\n<li class=\"page_item page-item-14371\"><a href=\"https:\/\/www.musee-lalique.com\/de\/rund-ums-museum\/wechselausstellungen\/2025-rene-lalique-architecte-et-decorateur\/2025-contenus-additionnels\/presentation-pour-lucien-lelong\/\">Pr\u00e4sentation f\u00fcr Lucien Lelong<\/a><\/li>\n<li class=\"page_item page-item-14412\"><a href=\"https:\/\/www.musee-lalique.com\/de\/rund-ums-museum\/wechselausstellungen\/2025-rene-lalique-architecte-et-decorateur\/2025-contenus-additionnels\/statue-cherubins-enlaces\/\">Statue Ch\u00e9rubins enlac\u00e9s (Einander umarmende Cherubim)<\/a><\/li>\n<li class=\"page_item page-item-14404\"><a href=\"https:\/\/www.musee-lalique.com\/de\/rund-ums-museum\/wechselausstellungen\/2025-rene-lalique-architecte-et-decorateur\/2025-contenus-additionnels\/statuette-cote-dazur\/\">Statuette C\u00f4te d&#8217;Azur<\/a><\/li>\n<li class=\"page_item page-item-14471\"><a href=\"https:\/\/www.musee-lalique.com\/de\/rund-ums-museum\/wechselausstellungen\/2025-rene-lalique-architecte-et-decorateur\/2025-contenus-additionnels\/statuettes-sources-de-france\/\">Statuetten Sources de France<\/a><\/li>\n<li class=\"page_item page-item-14420\"><a href=\"https:\/\/www.musee-lalique.com\/de\/rund-ums-museum\/wechselausstellungen\/2025-rene-lalique-architecte-et-decorateur\/2025-contenus-additionnels\/panneau-athletes\/\">Tafel Athl\u00e8tes (Athleten)<\/a><\/li>\n<li class=\"page_item page-item-14480\"><a href=\"https:\/\/www.musee-lalique.com\/de\/rund-ums-museum\/wechselausstellungen\/2025-rene-lalique-architecte-et-decorateur\/2025-contenus-additionnels\/portes-du-palais-de-teien\/\">T\u00fcren des Teien-Palais<\/a><\/li>\n<li class=\"page_item page-item-14509\"><a href=\"https:\/\/www.musee-lalique.com\/de\/rund-ums-museum\/wechselausstellungen\/2025-rene-lalique-architecte-et-decorateur\/2025-contenus-additionnels\/vase-manifesto\/\">Vase Manifesto<\/a><\/li>\n<li class=\"page_item page-item-14429\"><a href=\"https:\/\/www.musee-lalique.com\/de\/rund-ums-museum\/wechselausstellungen\/2025-rene-lalique-architecte-et-decorateur\/2025-contenus-additionnels\/14182-2\/\">Vase Trois poissons grondins (Drei Knurrh\u00e4hne)<\/a><\/li>\n<li class=\"page_item page-item-14437\"><a href=\"https:\/\/www.musee-lalique.com\/de\/rund-ums-museum\/wechselausstellungen\/2025-rene-lalique-architecte-et-decorateur\/2025-contenus-additionnels\/vases-tourbillons-et-pierrefonds\/\">Vases Tourbillons und Pierrefonds<\/a><\/li>\n<li class=\"page_item page-item-14360\"><a href=\"https:\/\/www.musee-lalique.com\/de\/rund-ums-museum\/wechselausstellungen\/2025-rene-lalique-architecte-et-decorateur\/2025-contenus-additionnels\/plaque-publicitaire-pour-roger-gallet\/\">Werbetafel f\u00fcr Roger &#038; Gallet<\/a><\/li>\n<\/ul>\n<\/li>\n<\/ul>\n<\/li>\n<li class=\"page_item page-item-3759\"><a href=\"https:\/\/www.musee-lalique.com\/de\/rund-ums-museum\/wechselausstellungen\/die-erfindung-des-modernen-parfums\/\">Die Erfindung des modernen Parf\u00fcms<\/a><\/li>\n<li class=\"page_item page-item-3651\"><a href=\"https:\/\/www.musee-lalique.com\/de\/rund-ums-museum\/wechselausstellungen\/lalique-und-die-kunst-des-reisens\/\">Lalique und die Kunst des Reisens<\/a><\/li>\n<li class=\"page_item page-item-3742\"><a href=\"https:\/\/www.musee-lalique.com\/de\/rund-ums-museum\/wechselausstellungen\/prisma\/\">Prisma<\/a><\/li>\n<li class=\"page_item page-item-13479\"><a href=\"https:\/\/www.musee-lalique.com\/de\/rund-ums-museum\/wechselausstellungen\/rene-lalique-linventeur-du-bijou-moderne\/\">Ren\u00e9 Lalique, der Erfinder des modernen Schmucks<\/a><\/li>\n<li class=\"page_item page-item-3768\"><a href=\"https:\/\/www.musee-lalique.com\/de\/rund-ums-museum\/wechselausstellungen\/tafelkunste\/\">Tafelk\u00fcnste<\/a><\/li>\n<li class=\"page_item page-item-3733\"><a href=\"https:\/\/www.musee-lalique.com\/de\/rund-ums-museum\/wechselausstellungen\/zuruck-zu-den-quellen-wenn-lalique-inspiration-aus-der-welt-schopft\/\">Zur\u00fcck zu den Quellen &#8211; Wenn Lalique Inspiration aus der Welt sch\u00f6pft<\/a><\/li>\n<\/ul>\n<\/li>\n<\/ul>\n<\/li>\n<li class=\"page_item page-item-3333\"><a href=\"https:\/\/www.musee-lalique.com\/de\/schulgruppen-und-andere-jugendgruppen\/\">Schulgruppen und andere Jugendgruppen<\/a><\/li>\n<li class=\"page_item page-item-3639\"><a href=\"https:\/\/www.musee-lalique.com\/de\/sitemap\/\">Sitemap<\/a><\/li>\n<li class=\"page_item page-item-598\"><a href=\"https:\/\/www.musee-lalique.com\/de\/\">Startseite<\/a><\/li>\n<li class=\"page_item page-item-3126 page_item_has_children\"><a href=\"https:\/\/www.musee-lalique.com\/de\/touristisches\/\">Touristisches<\/a>\n<ul class='children'>\n<li class=\"page_item page-item-3348\"><a href=\"https:\/\/www.musee-lalique.com\/de\/touristisches\/ausflugstipps\/\">Ausflugstipps<\/a><\/li>\n<li class=\"page_item page-item-3363 page_item_has_children\"><a href=\"https:\/\/www.musee-lalique.com\/de\/touristisches\/glas-und-kristallglas\/\">Glas und Kristallglas<\/a>\n<ul class='children'>\n<li class=\"page_item page-item-3603\"><a href=\"https:\/\/www.musee-lalique.com\/de\/touristisches\/glas-und-kristallglas\/lalique-weltweit\/\">Lalique weltweit<\/a><\/li>\n<li class=\"page_item page-item-3597\"><a href=\"https:\/\/www.musee-lalique.com\/de\/touristisches\/glas-und-kristallglas\/sterne-der-erde\/\">Sterne der Erde<\/a><\/li>\n<li class=\"page_item page-item-3615\"><a href=\"https:\/\/www.musee-lalique.com\/de\/touristisches\/glas-und-kristallglas\/weitere-sehenswerte-sammlungen-rund-um-das-glas\/\">Weitere sehenswerte Sammlungen rund um das Glas<\/a><\/li>\n<\/ul>\n<\/li>\n<li class=\"page_item page-item-3375\"><a href=\"https:\/\/www.musee-lalique.com\/de\/touristisches\/partner\/\">Partner<\/a><\/li>\n<\/ul>\n<\/li>\n<\/ul>\n<\/div>\n<p><\/strong><\/p>\n<p><strong><\/p>\n<div class=\"wsp-container\">\n<h2 class=\"wsp-evenementss-title\">Evenements<\/h2>\n<ul class=\"wsp-evenementss-list\">\n<li><a href=\"https:\/\/www.musee-lalique.com\/de\/terminkalender\/cristallisation\/\">Cristallisation<\/a><\/li>\n<li><a href=\"https:\/\/www.musee-lalique.com\/de\/terminkalender\/14868\/\">Eine Liebe Laliques \u2013 Eine Vorstellung vom Paradies<\/a><\/li>\n<li><a href=\"https:\/\/www.musee-lalique.com\/de\/terminkalender\/chasse-aux-joeufs-2\/\">Oster-R\u00e4tseljagd<\/a><\/li>\n<li><a href=\"https:\/\/www.musee-lalique.com\/de\/terminkalender\/happy-cristal-2025\/\">Happy Cristal 2025<\/a><\/li>\n<li><a href=\"https:\/\/www.musee-lalique.com\/de\/terminkalender\/exposition-rene-lalique-architecte-et-decorateur\/\">Ausstellung Ren\u00e9 Lalique, Architekt und Dekorateur<\/a><\/li>\n<li><a href=\"https:\/\/www.musee-lalique.com\/de\/terminkalender\/exposition-mossi-un-vase-des-savoir-faire\/\">Geheimnisse der Herstellung der Mossi-Vase<\/a><\/li>\n<li><a href=\"https:\/\/www.musee-lalique.com\/de\/terminkalender\/2025-au-musee-lalique\/\">2025 im Lalique-Museum<\/a><\/li>\n<li><a href=\"https:\/\/www.musee-lalique.com\/de\/terminkalender\/happy-cristal-2024\/\">Happy Cristal 2024<\/a><\/li>\n<li><a href=\"https:\/\/www.musee-lalique.com\/de\/terminkalender\/exposition-la-nature\/\">Ausstellung La nature<\/a><\/li>\n<li><a href=\"https:\/\/www.musee-lalique.com\/de\/terminkalender\/rene-lalique-der-erfinder-des-modernen-schmucks\/\">Ren\u00e9 Lalique, der Erfinder des modernen Schmucks<\/a><\/li>\n<li><a href=\"https:\/\/www.musee-lalique.com\/de\/terminkalender\/lalique-en-grand-2-2\/\">Lalique en grand<\/a><\/li>\n<li><a href=\"https:\/\/www.musee-lalique.com\/de\/terminkalender\/happy-cristal-2023\/\">Happy cristal 2023<\/a><\/li>\n<li><a href=\"https:\/\/www.musee-lalique.com\/de\/terminkalender\/faune3-2\/\">Faune3<\/a><\/li>\n<li><a href=\"https:\/\/www.musee-lalique.com\/de\/terminkalender\/lalique-en-grand-2\/\">Lalique en grand<\/a><\/li>\n<li><a href=\"https:\/\/www.musee-lalique.com\/de\/terminkalender\/happy-cristal-ein-farbenprachtiges-weihnachtsfest\/\">Happy cristal - Ein farbenpr\u00e4chtiges Weihnachtsfest<\/a><\/li>\n<li><a href=\"https:\/\/www.musee-lalique.com\/de\/terminkalender\/merkwurdige-invasion-im-lalique-museum\/\">Merkw\u00fcrdige Invasion im Lalique-Museum!<\/a><\/li>\n<li><a href=\"https:\/\/www.musee-lalique.com\/de\/terminkalender\/100-jahre-lalique-in-wingen-sur-moder\/\">100 Jahre Lalique in Wingen-sur-Moder<\/a><\/li>\n<li><a href=\"https:\/\/www.musee-lalique.com\/de\/terminkalender\/tafelkunste\/\">Tafelk\u00fcnste<\/a><\/li>\n<li><a href=\"https:\/\/www.musee-lalique.com\/de\/terminkalender\/happy-cristal-2021-2\/\">Happy cristal 2021<\/a><\/li>\n<li><a href=\"https:\/\/www.musee-lalique.com\/de\/terminkalender\/covid-regeln\/\">COVID Regeln<\/a><\/li>\n<li><a href=\"https:\/\/www.musee-lalique.com\/de\/terminkalender\/2020-anderungen\/\">2020 \u00c4nderungen<\/a><\/li>\n<li><a href=\"https:\/\/www.musee-lalique.com\/de\/terminkalender\/handbewegungen-und-know-how\/\">Handbewegungen und Know-how<\/a><\/li>\n<li><a href=\"https:\/\/www.musee-lalique.com\/de\/terminkalender\/happy-cristal-2019-2\/\">Happy cristal 2019<\/a><\/li>\n<li><a href=\"https:\/\/www.musee-lalique.com\/de\/terminkalender\/happy-cristal-2018-2\/\">Happy cristal 2018<\/a><\/li>\n<li><a href=\"https:\/\/www.musee-lalique.com\/de\/terminkalender\/ausstellung-prisma\/\">Ausstellung: Prisma<\/a><\/li>\n<li><a href=\"https:\/\/www.musee-lalique.com\/de\/terminkalender\/lalique-und-die-liebe-ein-vertrauliches-tete-a-tete\/\">Lalique und die Liebe \u2013 Ein vertrauliches T\u00eate-\u00e0-T\u00eate<\/a><\/li>\n<li><a href=\"https:\/\/www.musee-lalique.com\/de\/terminkalender\/happy-cristal-ruf-der-wildnis\/\">Happy cristal - Ruf der Wildnis<\/a><\/li>\n<li><a href=\"https:\/\/www.musee-lalique.com\/de\/terminkalender\/shai-maestro-solo-festival-au-gres-du-jazz-2\/\">Sha\u00ef Maestro Solo - Festival Au Gr\u00e8s du Jazz<\/a><\/li>\n<li><a href=\"https:\/\/www.musee-lalique.com\/de\/terminkalender\/zuruck-zu-den-quellen-wenn-lalique-inspiration-aus-der-welt-schopft\/\">Zur\u00fcck zu den Quellen - Wenn Lalique Inspiration aus der Welt sch\u00f6pft<\/a><\/li>\n<li><a href=\"https:\/\/www.musee-lalique.com\/de\/terminkalender\/die-kunst-der-hand\/\">Die Kunst der Hand<\/a><\/li>\n<li><a href=\"https:\/\/www.musee-lalique.com\/de\/terminkalender\/lalique-und-die-liebe\/\">Lalique und die Liebe<\/a><\/li>\n<li><a href=\"https:\/\/www.musee-lalique.com\/de\/terminkalender\/happy-cristal-2\/\">Happy cristal<\/a><\/li>\n<li><a href=\"https:\/\/www.musee-lalique.com\/de\/terminkalender\/fokus-auf-die-kristallglasberufe\/\">Fokus auf die Kristallglasberufe<\/a><\/li>\n<\/ul>\n<\/div>\n<p><\/strong><\/p>\n<p><strong><\/p>\n<div class=\"wsp-container\">\n<h2 class=\"wsp-oeuvress-title\">Oeuvres<\/h2>\n<ul class=\"wsp-oeuvress-list\">\n<li><a href=\"https:\/\/www.musee-lalique.com\/de\/werk-des-monats\/flakon-calendal-mit-schatulle\/\">Flakon Calendal mit Schatulle<\/a><\/li>\n<li><a href=\"https:\/\/www.musee-lalique.com\/de\/werk-des-monats\/vase-penthievre-2\/\">Vase Penthi\u00e8vre<\/a><\/li>\n<li><a href=\"https:\/\/www.musee-lalique.com\/de\/werk-des-monats\/vase-serpent-2\/\">Vase Serpent<\/a><\/li>\n<li><a href=\"https:\/\/www.musee-lalique.com\/de\/werk-des-monats\/vase-cigognes-2\/\">Vase Cigognes<\/a><\/li>\n<li><a href=\"https:\/\/www.musee-lalique.com\/de\/werk-des-monats\/flakon-dans-la-nuit-fur-worth\/\">Flakon Dans la nuit f\u00fcr Worth<\/a><\/li>\n<li><a href=\"https:\/\/www.musee-lalique.com\/de\/werk-des-monats\/anhanger-personnage-medieval\/\">Anh\u00e4nger Personnage m\u00e9di\u00e9val<\/a><\/li>\n<li><a href=\"https:\/\/www.musee-lalique.com\/de\/werk-des-monats\/vase-geo-2\/\">Vase G\u00e9o<\/a><\/li>\n<li><a href=\"https:\/\/www.musee-lalique.com\/de\/werk-des-monats\/vase-trois-poissons-grondins-drei-knurrhahne\/\">Vase Trois poissons grondins (Drei Knurrh\u00e4hne)<\/a><\/li>\n<li><a href=\"https:\/\/www.musee-lalique.com\/de\/werk-des-monats\/ring-scarabees-et-lotus\/\">Ring Scarab\u00e9es et lotus<\/a><\/li>\n<li><a href=\"https:\/\/www.musee-lalique.com\/de\/werk-des-monats\/tafelaufsatz-loiseau-de-feu-feuervogel\/\">Tafelaufsatz L'Oiseau de Feu (Feuervogel)<\/a><\/li>\n<li><a href=\"https:\/\/www.musee-lalique.com\/de\/werk-des-monats\/motiv-tete-de-cheval-pferdekopf\/\">Motiv T\u00eate de cheval (Pferdekopf)<\/a><\/li>\n<li><a href=\"https:\/\/www.musee-lalique.com\/de\/werk-des-monats\/vase-poseidon-2\/\">Vase Pos\u00e9idon<\/a><\/li>\n<li><a href=\"https:\/\/www.musee-lalique.com\/de\/werk-des-monats\/schale-chiens-hunde\/\">Schale Chiens (Hunde)<\/a><\/li>\n<li><a href=\"https:\/\/www.musee-lalique.com\/de\/werk-des-monats\/brosche-la-nymphe-rose\/\">Brosche La Nymphe Rose<\/a><\/li>\n<li><a href=\"https:\/\/www.musee-lalique.com\/de\/werk-des-monats\/diadem-laurier-lorbeer\/\">Diadem Laurier (Lorbeer)<\/a><\/li>\n<li><a href=\"https:\/\/www.musee-lalique.com\/de\/werk-des-monats\/brosche-cleopatre-kleopatra\/\">Brosche Cl\u00e9op\u00e2tre (Kleopatra)<\/a><\/li>\n<li><a href=\"https:\/\/www.musee-lalique.com\/de\/werk-des-monats\/flakon-clairefontaine\/\">Flakon Clairefontaine<\/a><\/li>\n<li><a href=\"https:\/\/www.musee-lalique.com\/de\/werk-des-monats\/parfumflakon-la-sirene-die-sirene-fur-burmann\/\">Parf\u00fcmflakon La Sir\u00e8ne (Die Sirene) f\u00fcr Burmann<\/a><\/li>\n<li><a href=\"https:\/\/www.musee-lalique.com\/de\/werk-des-monats\/vase-atossa-2\/\">Vase Atossa<\/a><\/li>\n<li><a href=\"https:\/\/www.musee-lalique.com\/de\/werk-des-monats\/vase-gros-scarabees-2\/\">Vase Gros scarab\u00e9es<\/a><\/li>\n<li><a href=\"https:\/\/www.musee-lalique.com\/de\/werk-des-monats\/karaffe-und-glas-schlumberger\/\">Karaffe und Glas Schlumberger<\/a><\/li>\n<li><a href=\"https:\/\/www.musee-lalique.com\/de\/werk-des-monats\/teller-coquille-n3-muscheln\/\">Teller Coquille n\u00b03 (Muscheln)<\/a><\/li>\n<li><a href=\"https:\/\/www.musee-lalique.com\/de\/werk-des-monats\/statuette-source-de-la-fontaine-clytie-brunnenquelle-klytia\/\">Statuette \u201eSource de la fontaine Clytie\u201c (Brunnenquelle Klytia)<\/a><\/li>\n<li><a href=\"https:\/\/www.musee-lalique.com\/de\/werk-des-monats\/champagnerquirle-barr\/\">Champagnerquirle Barr<\/a><\/li>\n<li><a href=\"https:\/\/www.musee-lalique.com\/de\/werk-des-monats\/pfeffermuhle-feuilles-blatter\/\">Pfefferm\u00fchle Feuilles (Bl\u00e4tter)<\/a><\/li>\n<li><a href=\"https:\/\/www.musee-lalique.com\/de\/werk-des-monats\/8-tage-tischuhr-muguet\/\">8-Tage-Tischuhr Muguet<\/a><\/li>\n<li><a href=\"https:\/\/www.musee-lalique.com\/de\/werk-des-monats\/deckenleuchte-hirondelles\/\">Deckenleuchte Hirondelles<\/a><\/li>\n<li><a href=\"https:\/\/www.musee-lalique.com\/de\/werk-des-monats\/ring-orchidee\/\">Ring Orchid\u00e9e<\/a><\/li>\n<li><a href=\"https:\/\/www.musee-lalique.com\/de\/werk-des-monats\/vase-myosotis-vergissmeinnicht\/\">Vase Myosotis (Vergissmeinnicht)<\/a><\/li>\n<li><a href=\"https:\/\/www.musee-lalique.com\/de\/werk-des-monats\/fontana-schale\/\">Fontana Schale<\/a><\/li>\n<li><a href=\"https:\/\/www.musee-lalique.com\/de\/werk-des-monats\/vase-sieben-stark-ausgepragte-rosen\/\">Vase Sieben stark ausgepr\u00e4gte Rosen<\/a><\/li>\n<li><a href=\"https:\/\/www.musee-lalique.com\/de\/werk-des-monats\/flakon-lidylle\/\">Flakon L'Idylle<\/a><\/li>\n<li><a href=\"https:\/\/www.musee-lalique.com\/de\/werk-des-monats\/vase-los-angeles-2\/\">Vase Los Angeles<\/a><\/li>\n<li><a href=\"https:\/\/www.musee-lalique.com\/de\/werk-des-monats\/korsagenschmuck-papillons-de-nuit-nachtfalter\/\">Korsagenschmuck Papillons de nuit (Nachtfalter)<\/a><\/li>\n<li><a href=\"https:\/\/www.musee-lalique.com\/de\/werk-des-monats\/parfumflakon-roses-dorsay\/\">Parf\u00fcmflakon Roses d\u2019Orsay<\/a><\/li>\n<li><a href=\"https:\/\/www.musee-lalique.com\/de\/werk-des-monats\/glasservice-monogramme\/\">Glasservice Monogramme<\/a><\/li>\n<li><a href=\"https:\/\/www.musee-lalique.com\/de\/werk-des-monats\/korsagenschmuck-vol-dhirondelles-schwalbenflug\/\">Korsagenschmuck Vol d\u2019hirondelles (Schwalbenflug)<\/a><\/li>\n<li><a href=\"https:\/\/www.musee-lalique.com\/de\/werk-des-monats\/statuette-suzanne-2\/\">Statuette Suzanne<\/a><\/li>\n<li><a href=\"https:\/\/www.musee-lalique.com\/de\/werk-des-monats\/le-jade-2\/\">Le Jade<\/a><\/li>\n<li><a href=\"https:\/\/www.musee-lalique.com\/de\/werk-des-monats\/lampe-epis-ahren\/\">Lampe \u00c9pis (\u00c4hren)<\/a><\/li>\n<li><a href=\"https:\/\/www.musee-lalique.com\/de\/werk-des-monats\/buste-von-sarah-bernhardt\/\">B\u00fcste von Sarah Bernhardt<\/a><\/li>\n<li><a href=\"https:\/\/www.musee-lalique.com\/de\/werk-des-monats\/vase-nadica-2\/\">Vase Nadica<\/a><\/li>\n<li><a href=\"https:\/\/www.musee-lalique.com\/de\/werk-des-monats\/panther-zeila\/\">Panther Zeila<\/a><\/li>\n<li><a href=\"https:\/\/www.musee-lalique.com\/de\/werk-des-monats\/collier-de-chien-aubepines-2\/\">Collier de chien Aub\u00e9pines<\/a><\/li>\n<li><a href=\"https:\/\/www.musee-lalique.com\/de\/werk-des-monats\/entwurf-fur-einen-anhanger-femme-papillon-ailes-ouvertes-schmetterlingsfrau-mit-geoffneten-flugeln\/\">Entwurf f\u00fcr einen Anh\u00e4nger Femme papillon ailes ouvertes (Schmetterlingsfrau mit ge\u00f6ffneten Fl\u00fcgeln)<\/a><\/li>\n<li><a href=\"https:\/\/www.musee-lalique.com\/de\/werk-des-monats\/flakon-cigalia-mit-schatulle\/\">Flakon Cigalia mit Schatulle<\/a><\/li>\n<li><a href=\"https:\/\/www.musee-lalique.com\/de\/werk-des-monats\/steckkamm-paysage-soleil-levant\/\">Steckkamm Paysage soleil levant<\/a><\/li>\n<li><a href=\"https:\/\/www.musee-lalique.com\/de\/werk-des-monats\/flakon-leffleurt\/\">Flakon L\u2019Effleurt<\/a><\/li>\n<li><a href=\"https:\/\/www.musee-lalique.com\/de\/werk-des-monats\/tafel-le-verrier-der-glasblaser\/\">Tafel Le verrier (Der Glasbl\u00e4ser)<\/a><\/li>\n<li><a href=\"https:\/\/www.musee-lalique.com\/de\/werk-des-monats\/duftflakon-sirenes\/\">Duftflakon Sir\u00e8nes<\/a><\/li>\n<li><a href=\"https:\/\/www.musee-lalique.com\/de\/werk-des-monats\/schale-flora-bella\/\">Schale Flora Bella<\/a><\/li>\n<li><a href=\"https:\/\/www.musee-lalique.com\/de\/werk-des-monats\/veilleuse-roses-2\/\">Veilleuse Roses<\/a><\/li>\n<li><a href=\"https:\/\/www.musee-lalique.com\/de\/werk-des-monats\/vase-tourbillons-2\/\">Vase Tourbillons<\/a><\/li>\n<li><a href=\"https:\/\/www.musee-lalique.com\/de\/werk-des-monats\/ring-frauenportrait-mit-lilien\/\">Ring Frauenportrait mit Lilien<\/a><\/li>\n<li><a href=\"https:\/\/www.musee-lalique.com\/de\/werk-des-monats\/champagnerglas-ange-engel\/\">Champagnerglas Ange (Engel)<\/a><\/li>\n<li><a href=\"https:\/\/www.musee-lalique.com\/de\/werk-des-monats\/kuhlerfigur-victoire-sieg\/\">K\u00fchlerfigur Victoire (Sieg)<\/a><\/li>\n<li><a href=\"https:\/\/www.musee-lalique.com\/de\/werk-des-monats\/lowe-bamara\/\">L\u00f6we Bamara<\/a><\/li>\n<li><a href=\"https:\/\/www.musee-lalique.com\/de\/werk-des-monats\/hoher-kelch-ville-de-paris\/\">Hoher Kelch Ville de Paris<\/a><\/li>\n<li><a href=\"https:\/\/www.musee-lalique.com\/de\/werk-des-monats\/tafelservice-mouettes\/\">Tafelservice Mouettes<\/a><\/li>\n<li><a href=\"https:\/\/www.musee-lalique.com\/de\/werk-des-monats\/au-coeur-des-calices-flakon\/\">Au c\u0153ur des calices Flakon<\/a><\/li>\n<li><a href=\"https:\/\/www.musee-lalique.com\/de\/werk-des-monats\/vase-sirenes-sirenen\/\">Vase Sir\u00e8nes (Sirenen)<\/a><\/li>\n<li><a href=\"https:\/\/www.musee-lalique.com\/de\/werk-des-monats\/luster-passiflore\/\">L\u00fcster Passiflore<\/a><\/li>\n<li><a href=\"https:\/\/www.musee-lalique.com\/de\/werk-des-monats\/tafelaufsatz-poissons-et-grenouilles\/\">Tafelaufsatz Poissons et grenouilles<\/a><\/li>\n<li><a href=\"https:\/\/www.musee-lalique.com\/de\/werk-des-monats\/brosche-sphinx\/\">Brosche Sphinx<\/a><\/li>\n<li><a href=\"https:\/\/www.musee-lalique.com\/de\/werk-des-monats\/tafel-zwei-tauben\/\">Tafel Zwei Tauben<\/a><\/li>\n<li><a href=\"https:\/\/www.musee-lalique.com\/de\/werk-des-monats\/service-nippon-2\/\">Service Nippon<\/a><\/li>\n<li><a href=\"https:\/\/www.musee-lalique.com\/de\/werk-des-monats\/der-brunnen-poissons-fische\/\">Der Brunnen Poissons (Fische)<\/a><\/li>\n<li><a href=\"https:\/\/www.musee-lalique.com\/de\/werk-des-monats\/les-enfants-enlaces-die-umschlungenen-kinder\/\">Les Enfants enlac\u00e9s (die umschlungenen Kinder)<\/a><\/li>\n<li><a href=\"https:\/\/www.musee-lalique.com\/de\/werk-des-monats\/karaffe-clos-sainte-odile\/\">Karaffe Clos Sainte-Odile<\/a><\/li>\n<li><a href=\"https:\/\/www.musee-lalique.com\/de\/werk-des-monats\/nachleuchte-zwei-pfauen\/\">Nachleuchte \"Zwei Pfauen\"<\/a><\/li>\n<li><a href=\"https:\/\/www.musee-lalique.com\/de\/werk-des-monats\/flakon-fur-lucien-lelong\/\">Flakon f\u00fcr Lucien Lelong<\/a><\/li>\n<li><a href=\"https:\/\/www.musee-lalique.com\/de\/werk-des-monats\/vase-danaides-2\/\">Vase Dana\u00efdes<\/a><\/li>\n<li><a href=\"https:\/\/www.musee-lalique.com\/de\/werk-des-monats\/entwurf-fur-einen-brustschmuck-im-agyptischen-stil\/\">Entwurf f\u00fcr einen Brustschmuck im \u00e4gyptischen Stil<\/a><\/li>\n<li><a href=\"https:\/\/www.musee-lalique.com\/de\/werk-des-monats\/armband-brins-de-muguet-maiglockchen\/\">Armband Brins de Muguet  (Maigl\u00f6ckchen)<\/a><\/li>\n<li><a href=\"https:\/\/www.musee-lalique.com\/de\/werk-des-monats\/siegel-poisson-fisch\/\">Siegel Poisson (Fisch)<\/a><\/li>\n<li><a href=\"https:\/\/www.musee-lalique.com\/de\/werk-des-monats\/glasergarnitur-wingen\/\">Gl\u00e4sergarnitur Wingen<\/a><\/li>\n<li><a href=\"https:\/\/www.musee-lalique.com\/de\/werk-des-monats\/collier-dahlias-et-rondelles-plates-2\/\">Collier Dahlias et rondelles plates<\/a><\/li>\n<li><a href=\"https:\/\/www.musee-lalique.com\/de\/werk-des-monats\/anhanger-cygnes-et-lotus\/\">Anh\u00e4nger Cygnes et lotus<\/a><\/li>\n<li><a href=\"https:\/\/www.musee-lalique.com\/de\/werk-des-monats\/kelch-pommes-de-pin\/\">Kelch Pommes de pin<\/a><\/li>\n<li><a href=\"https:\/\/www.musee-lalique.com\/de\/werk-des-monats\/parfumflakon-lair-du-temps\/\">Parf\u00fcmflakon L'Air du Temps<\/a><\/li>\n<li><a href=\"https:\/\/www.musee-lalique.com\/de\/werk-des-monats\/kuhlerfigur-grande-libellule\/\">K\u00fchlerfigur Grande Libellule<\/a><\/li>\n<li><a href=\"https:\/\/www.musee-lalique.com\/de\/werk-des-monats\/tafelaufsatz-caravelle\/\">Tafelaufsatz Caravelle<\/a><\/li>\n<li><a href=\"https:\/\/www.musee-lalique.com\/de\/werk-des-monats\/ambre-antique-2\/\">Ambre antique<\/a><\/li>\n<li><a href=\"https:\/\/www.musee-lalique.com\/de\/werk-des-monats\/modell-im-masstab-11-des-cote-dazur-pullman-express\/\">Modell im Ma\u00dfstab 1:1 des C\u00f4te d\u2019Azur Pullman Express<\/a><\/li>\n<li><a href=\"https:\/\/www.musee-lalique.com\/de\/werk-des-monats\/femme-ailee-geflugelte-frau\/\">Femme ail\u00e9e (gefl\u00fcgelte Frau)<\/a><\/li>\n<li><a href=\"https:\/\/www.musee-lalique.com\/de\/werk-des-monats\/kuhlerfigur-cinq-chevaux-funf-pferde\/\">K\u00fchlerfigur Cinq chevaux (F\u00fcnf Pferde)<\/a><\/li>\n<li><a href=\"https:\/\/www.musee-lalique.com\/de\/werk-des-monats\/1951-kronleuchter\/\">1951 Kronleuchter<\/a><\/li>\n<li><a href=\"https:\/\/www.musee-lalique.com\/de\/werk-des-monats\/vase-bacchantes-bacchantinnen\/\">Vase Bacchantes (Bacchantinnen)<\/a><\/li>\n<li><a href=\"https:\/\/www.musee-lalique.com\/de\/werk-des-monats\/anhanger-libellenfrau-mit-geoffneten-flugeln\/\">Anh\u00e4nger Libellenfrau mit ge\u00f6ffneten Fl\u00fcgeln<\/a><\/li>\n<\/ul>\n<\/div>\n<p><\/strong><\/p>\n","protected":false},"excerpt":{"rendered":"","protected":false},"author":3,"featured_media":0,"parent":0,"menu_order":0,"comment_status":"closed","ping_status":"closed","template":"","meta":{"_acf_changed":false,"footnotes":""},"class_list":["post-3639","page","type-page","status-publish","hentry"],"acf":[],"yoast_head":"<!-- This site is optimized with the Yoast SEO plugin v27.4 - https:\/\/yoast.com\/product\/yoast-seo-wordpress\/ -->\n<title>Sitemap - museelalique<\/title>\n<meta name=\"robots\" content=\"index, follow, max-snippet:-1, max-image-preview:large, max-video-preview:-1\" \/>\n<link rel=\"canonical\" href=\"https:\/\/www.musee-lalique.com\/de\/sitemap\/\" \/>\n<meta property=\"og:locale\" content=\"de_DE\" \/>\n<meta property=\"og:type\" content=\"article\" \/>\n<meta property=\"og:title\" content=\"Sitemap - museelalique\" \/>\n<meta property=\"og:url\" content=\"https:\/\/www.musee-lalique.com\/de\/sitemap\/\" \/>\n<meta property=\"og:site_name\" content=\"museelalique\" \/>\n<meta property=\"article:modified_time\" content=\"2023-12-22T09:17:02+00:00\" \/>\n<meta name=\"twitter:card\" content=\"summary_large_image\" \/>\n<meta name=\"twitter:label1\" content=\"Est. reading time\" \/>\n\t<meta name=\"twitter:data1\" content=\"1 minute\" \/>\n<script type=\"application\/ld+json\" class=\"yoast-schema-graph\">{\"@context\":\"https:\\\/\\\/schema.org\",\"@graph\":[{\"@type\":\"WebPage\",\"@id\":\"https:\\\/\\\/www.musee-lalique.com\\\/de\\\/sitemap\\\/\",\"url\":\"https:\\\/\\\/www.musee-lalique.com\\\/de\\\/sitemap\\\/\",\"name\":\"Sitemap - museelalique\",\"isPartOf\":{\"@id\":\"https:\\\/\\\/musee-lalique.com\\\/#website\"},\"datePublished\":\"2023-12-02T15:04:40+00:00\",\"dateModified\":\"2023-12-22T09:17:02+00:00\",\"breadcrumb\":{\"@id\":\"https:\\\/\\\/www.musee-lalique.com\\\/de\\\/sitemap\\\/#breadcrumb\"},\"inLanguage\":\"de-DE\",\"potentialAction\":[{\"@type\":\"ReadAction\",\"target\":[\"https:\\\/\\\/www.musee-lalique.com\\\/de\\\/sitemap\\\/\"]}]},{\"@type\":\"BreadcrumbList\",\"@id\":\"https:\\\/\\\/www.musee-lalique.com\\\/de\\\/sitemap\\\/#breadcrumb\",\"itemListElement\":[{\"@type\":\"ListItem\",\"position\":1,\"name\":\"Home\",\"item\":\"https:\\\/\\\/www.musee-lalique.com\\\/de\\\/\"},{\"@type\":\"ListItem\",\"position\":2,\"name\":\"Sitemap\"}]},{\"@type\":\"WebSite\",\"@id\":\"https:\\\/\\\/musee-lalique.com\\\/#website\",\"url\":\"https:\\\/\\\/musee-lalique.com\\\/\",\"name\":\"museelalique\",\"description\":\"\",\"potentialAction\":[{\"@type\":\"SearchAction\",\"target\":{\"@type\":\"EntryPoint\",\"urlTemplate\":\"https:\\\/\\\/musee-lalique.com\\\/?s={search_term_string}\"},\"query-input\":{\"@type\":\"PropertyValueSpecification\",\"valueRequired\":true,\"valueName\":\"search_term_string\"}}],\"inLanguage\":\"de-DE\"}]}<\/script>\n<!-- \/ Yoast SEO plugin. -->","yoast_head_json":{"title":"Sitemap - museelalique","robots":{"index":"index","follow":"follow","max-snippet":"max-snippet:-1","max-image-preview":"max-image-preview:large","max-video-preview":"max-video-preview:-1"},"canonical":"https:\/\/www.musee-lalique.com\/de\/sitemap\/","og_locale":"de_DE","og_type":"article","og_title":"Sitemap - museelalique","og_url":"https:\/\/www.musee-lalique.com\/de\/sitemap\/","og_site_name":"museelalique","article_modified_time":"2023-12-22T09:17:02+00:00","twitter_card":"summary_large_image","twitter_misc":{"Est. reading time":"1 minute"},"schema":{"@context":"https:\/\/schema.org","@graph":[{"@type":"WebPage","@id":"https:\/\/www.musee-lalique.com\/de\/sitemap\/","url":"https:\/\/www.musee-lalique.com\/de\/sitemap\/","name":"Sitemap - museelalique","isPartOf":{"@id":"https:\/\/musee-lalique.com\/#website"},"datePublished":"2023-12-02T15:04:40+00:00","dateModified":"2023-12-22T09:17:02+00:00","breadcrumb":{"@id":"https:\/\/www.musee-lalique.com\/de\/sitemap\/#breadcrumb"},"inLanguage":"de-DE","potentialAction":[{"@type":"ReadAction","target":["https:\/\/www.musee-lalique.com\/de\/sitemap\/"]}]},{"@type":"BreadcrumbList","@id":"https:\/\/www.musee-lalique.com\/de\/sitemap\/#breadcrumb","itemListElement":[{"@type":"ListItem","position":1,"name":"Home","item":"https:\/\/www.musee-lalique.com\/de\/"},{"@type":"ListItem","position":2,"name":"Sitemap"}]},{"@type":"WebSite","@id":"https:\/\/musee-lalique.com\/#website","url":"https:\/\/musee-lalique.com\/","name":"museelalique","description":"","potentialAction":[{"@type":"SearchAction","target":{"@type":"EntryPoint","urlTemplate":"https:\/\/musee-lalique.com\/?s={search_term_string}"},"query-input":{"@type":"PropertyValueSpecification","valueRequired":true,"valueName":"search_term_string"}}],"inLanguage":"de-DE"}]}},"_links":{"self":[{"href":"https:\/\/www.musee-lalique.com\/de\/wp-json\/wp\/v2\/pages\/3639","targetHints":{"allow":["GET"]}}],"collection":[{"href":"https:\/\/www.musee-lalique.com\/de\/wp-json\/wp\/v2\/pages"}],"about":[{"href":"https:\/\/www.musee-lalique.com\/de\/wp-json\/wp\/v2\/types\/page"}],"author":[{"embeddable":true,"href":"https:\/\/www.musee-lalique.com\/de\/wp-json\/wp\/v2\/users\/3"}],"replies":[{"embeddable":true,"href":"https:\/\/www.musee-lalique.com\/de\/wp-json\/wp\/v2\/comments?post=3639"}],"version-history":[{"count":2,"href":"https:\/\/www.musee-lalique.com\/de\/wp-json\/wp\/v2\/pages\/3639\/revisions"}],"predecessor-version":[{"id":13051,"href":"https:\/\/www.musee-lalique.com\/de\/wp-json\/wp\/v2\/pages\/3639\/revisions\/13051"}],"wp:attachment":[{"href":"https:\/\/www.musee-lalique.com\/de\/wp-json\/wp\/v2\/media?parent=3639"}],"curies":[{"name":"wp","href":"https:\/\/api.w.org\/{rel}","templated":true}]}}